{"id":225,"date":"2023-02-13T14:49:15","date_gmt":"2023-02-13T13:49:15","guid":{"rendered":"https:\/\/assolejourj.fr\/wordpress\/index.php\/home-2\/"},"modified":"2025-12-18T02:26:22","modified_gmt":"2025-12-18T01:26:22","slug":"association-le-jour-j","status":"publish","type":"page","link":"https:\/\/assolejourj.fr\/wordpress\/","title":{"rendered":"Accueil"},"content":{"rendered":"\n\n\n\n<p><\/p>\n<h3>Qui sommes-nous ?<\/h3>\n<p><\/p>\n\n\n<p><\/p>\n<p><strong style=\"font-size: large;\">Une association <\/strong>Organisatrice d\u2019\u00e9v\u00e9nements culturels en tout genre, l\u2019association Le Jour J fait vivre et respirer le th\u00e9\u00e2tre de verdure de Panc\u00e9, dit le th\u00e9\u00e2tre Jeannot Haguenier (TJH), depuis 2013.<\/p>\n<p><\/p>\n\n\n\n\n\n<p><\/p>\n<p><\/p>\n\n\n\n\n\n\n<p><\/p>\n<h4>Le th\u00e9\u00e2tre de verdure Jeannot Haguenier<\/h4>\n<p><\/p>\n\n\n<p><\/p>\n<p>Le T.J.H. ou th\u00e9\u00e2tre Jean Haguenier, est un th\u00e9\u00e2tre de verdure \u00e0 Panc\u00e9. Il existe depuis 2007.<\/p>\n<p><\/p>\n\n\n\n\n<p><\/p>\n<p><\/p>\n\n\n\n\n<p><\/p>\n<p>Situ\u00e9 dans la for\u00eat du Tertre Gris, on y retrouve toujours une sensation d&rsquo;\u00eatre hors du temps, dans une sorte de bulle o\u00f9 il fait bon vivre qu&rsquo;on soit artiste ou spectateur.<br><\/p>\n<p><\/p>\n\n\n<p><\/p>\n<p>A ce jour il a subi bien des am\u00e9liorations : une esplanade en haut des gradins, une assise plus confortable, etc\u2026 <\/p>\n<p><\/p>\n\n\n<p><\/p>\n<p>Vous l&rsquo;avez compris, le site du th\u00e9\u00e2tre de verdure de Jeannot respire et se modifie au cours des th\u00e8mes des \u00e9v\u00e9nements. Et ce n&rsquo;est pas fini !<\/p>\n<p><\/p>\n\n\n\n\n\n\n\n<p><\/p>\n<h1>\u00c9v\u00e9nements \u00e0 venir \u00ab\u00a0<em>dans La Clairi\u00e8re !<\/em> \u00ab\u00a0<\/h1>\n<p><\/p>\n\n\n\n\n\n\n\n\n<h2>Samedi 7 Juin 2025 au T.J.H.<br><\/h2>\n\nLa Famille Walili<br>\nMatj\u00e9\n\n\n\n\n\n\n\n\n\n<p><\/p>\n<h2>L&rsquo;association \u00ab\u00a0Le Jour J\u00a0\u00bb<\/h2>\n<p><\/p>\n\n\n\n\n\n\n\n\n<\/p>\n<h3>Les \u00e9v\u00e9nements pass\u00e9s<\/h3>\n<p>\n\n\n\n\n\n\n\n\n<\/p>\n<p>\n\n\n\n\n\n<\/p>\n<p>\n\n\n\n\n\n<\/p>\n<p>\n\n\n\n\n\n<\/p>\n<p>\n\n\n\n\n\n\n\n<\/p>\n<h1>ASSOCIATION Le Jour j<\/h1>\n<p>\n\n\n\n\n<\/p>\n<p>Retrouvez la liste des \u00e9v\u00e9nements pass\u00e9s ! <br \/><\/p>\n<p>\n\n\n\n\n\n\n\n","protected":false},"excerpt":{"rendered":"","protected":false},"author":1,"featured_media":0,"parent":0,"menu_order":1,"comment_status":"closed","ping_status":"closed","template":"","meta":{"pagelayer_contact_templates":[],"_pagelayer_content":"","_themeisle_gutenberg_block_has_review":false,"footnotes":""},"class_list":["post-225","page","type-page","status-publish","hentry"],"yoast_head":"<!-- This site is optimized with the Yoast SEO plugin v27.5 - https:\/\/yoast.com\/product\/yoast-seo-wordpress\/ -->\n<title>Accueil - Association le Jour J. \u00e0 Panc\u00e9 (35)<\/title>\n<meta name=\"description\" content=\"Bienvenue \u00e0 toutes et \u00e0 tous sur le site de l&#039;association le Jour J situ\u00e9e au Th\u00e9\u00e2tre de verdure &quot;Jean Haguenier&quot; Panc\u00e9 (35).\" \/>\n<meta name=\"robots\" content=\"index, follow, max-snippet:-1, max-image-preview:large, max-video-preview:-1\" \/>\n<link rel=\"canonical\" href=\"https:\/\/assolejourj.fr\/wordpress\/\" \/>\n<meta property=\"og:locale\" content=\"fr_FR\" \/>\n<meta property=\"og:type\" content=\"article\" \/>\n<meta property=\"og:title\" content=\"Accueil - Association le Jour J. \u00e0 Panc\u00e9 (35)\" \/>\n<meta property=\"og:description\" content=\"Bienvenue \u00e0 toutes et \u00e0 tous sur le site de l&#039;association le Jour J situ\u00e9e au Th\u00e9\u00e2tre de verdure &quot;Jean Haguenier&quot; Panc\u00e9 (35).\" \/>\n<meta property=\"og:url\" content=\"https:\/\/assolejourj.fr\/wordpress\/\" \/>\n<meta property=\"og:site_name\" content=\"Association le Jour J.\" \/>\n<meta property=\"article:publisher\" content=\"https:\/\/www.facebook.com\/AssoLeJourJ\/?locale=fr_FR\" \/>\n<meta property=\"article:modified_time\" content=\"2025-12-18T01:26:22+00:00\" \/>\n<meta name=\"twitter:card\" content=\"summary_large_image\" \/>\n<meta name=\"twitter:site\" content=\"@AssoLeJourJ\" \/>\n<meta name=\"twitter:label1\" content=\"Dur\u00e9e de lecture estim\u00e9e\" \/>\n\t<meta name=\"twitter:data1\" content=\"3 minutes\" \/>\n<script type=\"application\/ld+json\" class=\"yoast-schema-graph\">{\"@context\":\"https:\\\/\\\/schema.org\",\"@graph\":[{\"@type\":\"WebPage\",\"@id\":\"https:\\\/\\\/assolejourj.fr\\\/wordpress\\\/\",\"url\":\"https:\\\/\\\/assolejourj.fr\\\/wordpress\\\/\",\"name\":\"Accueil - Association le Jour J. \u00e0 Panc\u00e9 (35)\",\"isPartOf\":{\"@id\":\"https:\\\/\\\/assolejourj.fr\\\/wordpress\\\/#website\"},\"datePublished\":\"2023-02-13T13:49:15+00:00\",\"dateModified\":\"2025-12-18T01:26:22+00:00\",\"description\":\"Bienvenue \u00e0 toutes et \u00e0 tous sur le site de l'association le Jour J situ\u00e9e au Th\u00e9\u00e2tre de verdure \\\"Jean Haguenier\\\" Panc\u00e9 (35).\",\"breadcrumb\":{\"@id\":\"https:\\\/\\\/assolejourj.fr\\\/wordpress\\\/#breadcrumb\"},\"inLanguage\":\"fr-FR\",\"potentialAction\":[{\"@type\":\"ReadAction\",\"target\":[\"https:\\\/\\\/assolejourj.fr\\\/wordpress\\\/\"]}]},{\"@type\":\"BreadcrumbList\",\"@id\":\"https:\\\/\\\/assolejourj.fr\\\/wordpress\\\/#breadcrumb\",\"itemListElement\":[{\"@type\":\"ListItem\",\"position\":1,\"name\":\"Accueil\",\"item\":\"https:\\\/\\\/assolejourj.fr\\\/wordpress\\\/\"},{\"@type\":\"ListItem\",\"position\":2,\"name\":\"Accueil\"}]},{\"@type\":\"WebSite\",\"@id\":\"https:\\\/\\\/assolejourj.fr\\\/wordpress\\\/#website\",\"url\":\"https:\\\/\\\/assolejourj.fr\\\/wordpress\\\/\",\"name\":\"Association le Jour J\",\"description\":\"Diffuseur de culture rafra\u00eechissante\",\"publisher\":{\"@id\":\"https:\\\/\\\/assolejourj.fr\\\/wordpress\\\/#organization\"},\"potentialAction\":[{\"@type\":\"SearchAction\",\"target\":{\"@type\":\"EntryPoint\",\"urlTemplate\":\"https:\\\/\\\/assolejourj.fr\\\/wordpress\\\/?s={search_term_string}\"},\"query-input\":{\"@type\":\"PropertyValueSpecification\",\"valueRequired\":true,\"valueName\":\"search_term_string\"}}],\"inLanguage\":\"fr-FR\"},{\"@type\":\"Organization\",\"@id\":\"https:\\\/\\\/assolejourj.fr\\\/wordpress\\\/#organization\",\"name\":\"Association le Jour J\",\"url\":\"https:\\\/\\\/assolejourj.fr\\\/wordpress\\\/\",\"logo\":{\"@type\":\"ImageObject\",\"inLanguage\":\"fr-FR\",\"@id\":\"https:\\\/\\\/assolejourj.fr\\\/wordpress\\\/#\\\/schema\\\/logo\\\/image\\\/\",\"url\":\"https:\\/\\/assolejourj.fr\\/wordpress\\/wp-content\\/uploads\\/2023\\/02\\/Logo-1.jpg\",\"contentUrl\":\"https:\\/\\/assolejourj.fr\\/wordpress\\/wp-content\\/uploads\\/2023\\/02\\/Logo-1.jpg\",\"width\":320,\"height\":319,\"caption\":\"Association le Jour J\"},\"image\":{\"@id\":\"https:\\\/\\\/assolejourj.fr\\\/wordpress\\\/#\\\/schema\\\/logo\\\/image\\\/\"},\"sameAs\":[\"https:\\\/\\\/www.facebook.com\\\/AssoLeJourJ\\\/?locale=fr_FR\",\"https:\\\/\\\/x.com\\\/AssoLeJourJ\",\"https:\\\/\\\/www.instagram.com\\\/lejourjasso\\\/\"]}]}<\/script>\n<!-- \/ Yoast SEO plugin. -->","yoast_head_json":{"title":"Accueil - Association le Jour J. \u00e0 Panc\u00e9 (35)","description":"Bienvenue \u00e0 toutes et \u00e0 tous sur le site de l'association le Jour J situ\u00e9e au Th\u00e9\u00e2tre de verdure \"Jean Haguenier\" Panc\u00e9 (35).","robots":{"index":"index","follow":"follow","max-snippet":"max-snippet:-1","max-image-preview":"max-image-preview:large","max-video-preview":"max-video-preview:-1"},"canonical":"https:\/\/assolejourj.fr\/wordpress\/","og_locale":"fr_FR","og_type":"article","og_title":"Accueil - Association le Jour J. \u00e0 Panc\u00e9 (35)","og_description":"Bienvenue \u00e0 toutes et \u00e0 tous sur le site de l'association le Jour J situ\u00e9e au Th\u00e9\u00e2tre de verdure \"Jean Haguenier\" Panc\u00e9 (35).","og_url":"https:\/\/assolejourj.fr\/wordpress\/","og_site_name":"Association le Jour J.","article_publisher":"https:\/\/www.facebook.com\/AssoLeJourJ\/?locale=fr_FR","article_modified_time":"2025-12-18T01:26:22+00:00","twitter_card":"summary_large_image","twitter_site":"@AssoLeJourJ","twitter_misc":{"Dur\u00e9e de lecture estim\u00e9e":"3 minutes"},"schema":{"@context":"https:\/\/schema.org","@graph":[{"@type":"WebPage","@id":"https:\/\/assolejourj.fr\/wordpress\/","url":"https:\/\/assolejourj.fr\/wordpress\/","name":"Accueil - Association le Jour J. \u00e0 Panc\u00e9 (35)","isPartOf":{"@id":"https:\/\/assolejourj.fr\/wordpress\/#website"},"datePublished":"2023-02-13T13:49:15+00:00","dateModified":"2025-12-18T01:26:22+00:00","description":"Bienvenue \u00e0 toutes et \u00e0 tous sur le site de l'association le Jour J situ\u00e9e au Th\u00e9\u00e2tre de verdure \"Jean Haguenier\" Panc\u00e9 (35).","breadcrumb":{"@id":"https:\/\/assolejourj.fr\/wordpress\/#breadcrumb"},"inLanguage":"fr-FR","potentialAction":[{"@type":"ReadAction","target":["https:\/\/assolejourj.fr\/wordpress\/"]}]},{"@type":"BreadcrumbList","@id":"https:\/\/assolejourj.fr\/wordpress\/#breadcrumb","itemListElement":[{"@type":"ListItem","position":1,"name":"Accueil","item":"https:\/\/assolejourj.fr\/wordpress\/"},{"@type":"ListItem","position":2,"name":"Accueil"}]},{"@type":"WebSite","@id":"https:\/\/assolejourj.fr\/wordpress\/#website","url":"https:\/\/assolejourj.fr\/wordpress\/","name":"Association le Jour J","description":"Diffuseur de culture rafra\u00eechissante","publisher":{"@id":"https:\/\/assolejourj.fr\/wordpress\/#organization"},"potentialAction":[{"@type":"SearchAction","target":{"@type":"EntryPoint","urlTemplate":"https:\/\/assolejourj.fr\/wordpress\/?s={search_term_string}"},"query-input":{"@type":"PropertyValueSpecification","valueRequired":true,"valueName":"search_term_string"}}],"inLanguage":"fr-FR"},{"@type":"Organization","@id":"https:\/\/assolejourj.fr\/wordpress\/#organization","name":"Association le Jour J","url":"https:\/\/assolejourj.fr\/wordpress\/","logo":{"@type":"ImageObject","inLanguage":"fr-FR","@id":"https:\/\/assolejourj.fr\/wordpress\/#\/schema\/logo\/image\/","url":"https:\/\/mlwtlfntpdtb.i.optimole.com\/w:auto\/h:auto\/q:mauto\/f:best\/https:\/\/assolejourj.fr\/wordpress\/wp-content\/uploads\/2023\/02\/Logo-1.jpg","contentUrl":"https:\/\/mlwtlfntpdtb.i.optimole.com\/w:auto\/h:auto\/q:mauto\/f:best\/https:\/\/assolejourj.fr\/wordpress\/wp-content\/uploads\/2023\/02\/Logo-1.jpg","width":320,"height":319,"caption":"Association le Jour J"},"image":{"@id":"https:\/\/assolejourj.fr\/wordpress\/#\/schema\/logo\/image\/"},"sameAs":["https:\/\/www.facebook.com\/AssoLeJourJ\/?locale=fr_FR","https:\/\/x.com\/AssoLeJourJ","https:\/\/www.instagram.com\/lejourjasso\/"]}]}},"_links":{"self":[{"href":"https:\/\/assolejourj.fr\/wordpress\/wp-json\/wp\/v2\/pages\/225","targetHints":{"allow":["GET"]}}],"collection":[{"href":"https:\/\/assolejourj.fr\/wordpress\/wp-json\/wp\/v2\/pages"}],"about":[{"href":"https:\/\/assolejourj.fr\/wordpress\/wp-json\/wp\/v2\/types\/page"}],"author":[{"embeddable":true,"href":"https:\/\/assolejourj.fr\/wordpress\/wp-json\/wp\/v2\/users\/1"}],"replies":[{"embeddable":true,"href":"https:\/\/assolejourj.fr\/wordpress\/wp-json\/wp\/v2\/comments?post=225"}],"version-history":[{"count":148,"href":"https:\/\/assolejourj.fr\/wordpress\/wp-json\/wp\/v2\/pages\/225\/revisions"}],"predecessor-version":[{"id":899,"href":"https:\/\/assolejourj.fr\/wordpress\/wp-json\/wp\/v2\/pages\/225\/revisions\/899"}],"wp:attachment":[{"href":"https:\/\/assolejourj.fr\/wordpress\/wp-json\/wp\/v2\/media?parent=225"}],"curies":[{"name":"wp","href":"https:\/\/api.w.org\/{rel}","templated":true}]}}